{"id":56330,"date":"2026-03-17T03:37:26","date_gmt":"2026-03-17T00:37:26","guid":{"rendered":"https:\/\/sprat.rs\/?post_type=estate_property&#038;p=56330"},"modified":"2026-03-17T03:39:12","modified_gmt":"2026-03-17T00:39:12","slug":"tagas-vilagos-lakas-szabadkan","status":"publish","type":"estate_property","link":"https:\/\/sprat.rs\/hu\/properties\/tagas-vilagos-lakas-szabadkan\/","title":{"rendered":"T\u00e1gas, vil\u00e1gos lak\u00e1s Szabadk\u00e1n.<br> <br>"},"content":{"rendered":"<p>Elad\u00f3 egy hangulatos, vil\u00e1gos (de nem forr\u00f3) lak\u00e1s, amely k\u00e9t teljes \u00e9rt\u00e9k\u0171 szob\u00e1b\u00f3l, el\u0151szob\u00e1b\u00f3l folyos\u00f3val, f\u00fcrd\u0151szob\u00e1b\u00f3l \u00e9s a konyh\u00e1val egybenyitott t\u00e1gas nappalib\u00f3l \u00e1ll.<\/p>\n<p>Teljes ter\u00fclet: 57 m\u00b2.<\/p>\n<p>Szabadka, Novo Selo v\u00e1rosr\u00e9sz.<\/p>\n<p>A lak\u00e1s egy t\u00e1rsash\u00e1z 3. emelet\u00e9n tal\u00e1lhat\u00f3 (helyi sz\u00e1m\u00edt\u00e1s szerint a 2. emeleten). Ez a legfels\u0151 emelet, de a lak\u00e1s f\u00f6l\u00f6tt van egy technikai helyis\u00e9g, \u00edgy ny\u00e1ron nincs er\u0151s h\u0151s\u00e9g a tet\u0151 felmeleged\u00e9se miatt, \u00e9s term\u00e9szetesen nincs be\u00e1z\u00e1s sem.<\/p>\n<p>Egy massz\u00edv, t\u00e9gl\u00e1b\u00f3l \u00e9p\u00fclt, min\u0151s\u00e9gi h\u00e1z az 1990-es \u00e9vek elej\u00e9r\u0151l, az Integral c\u00e9g \u00e9p\u00edtette, amely sz\u00e1mos alapvet\u0151 \u00e9p\u00fcletet emelt Szerbia-szerte, t\u00f6bbek k\u00f6z\u00f6tt Szabadk\u00e1n is. A v\u00e1s\u00e1rl\u00e1s el\u0151tt sok mag\u00e1n- \u00e9s t\u00e1rsash\u00e1zat megn\u00e9zt\u00fcnk, \u00e9s val\u00f3ban elmondhatjuk, hogy ez a h\u00e1z nagyon j\u00f3l meg\u00e9p\u00edtett.<\/p>\n<p>A h\u00e1zban \u00e9s a lak\u00e1sban sok autentikus r\u00e9szlet maradt meg nagyon j\u00f3 \u00e1llapotban: eredeti fa ajt\u00f3k \u00e9s ablakok, szerelv\u00e9nyek, parketta. Mindez a modernista \u00e9p\u00edt\u00e9szet kedvel\u0151inek biztosan tetszeni fog.<\/p>\n<p>Tiszta, gondozott l\u00e9pcs\u0151h\u00e1z \u00e9s kedves szomsz\u00e9dok + j\u00f3 kezel\u0151 c\u00e9g. A megtekint\u00e9skor el tudjuk mondani az \u00f6sszes lak\u00f3r\u00f3l a bej\u00e1rati r\u00e9szen; a h\u00e1zban nincsenek marginaliz\u00e1lt vagy probl\u00e9m\u00e1s csal\u00e1dok. Nagyon bar\u00e1ts\u00e1gos szomsz\u00e9ds\u00e1gi l\u00e9gk\u00f6r.<\/p>\n<p>A lak\u00e1s fel\u00faj\u00edt\u00e1sa friss. A villanyvezet\u00e9kek (a kor\u00e1bbi tulajdonos villanyszerel\u0151 volt, a fel\u00faj\u00edt\u00e1st a fi\u00e1nak v\u00e9gezte), a f\u00fcrd\u0151szoba \u00e9s egy\u00e9b berendez\u00e9sek kit\u0171n\u0151 \u00e1llapotban vannak. A lak\u00e1s j\u00f3 szell\u0151z\u00e9ssel \u00e9s mikrokl\u00edm\u00e1val rendelkezik. Az ingatlan azonnal k\u00f6lt\u00f6zhet\u0151, csak minim\u00e1lis kozmetikai munk\u00e1k sz\u00fcks\u00e9gesek. Sok praktikus konnektor van felszerelve. A lak\u00e1sban energiatakar\u00e9kos izz\u00f3k tal\u00e1lhat\u00f3k, 2700K sz\u00ednh\u0151m\u00e9rs\u00e9klettel (meleg, kellemes f\u00e9ny) \u00e9s CRI 80\u201390 sz\u00ednvisszaad\u00e1si indexszel, ami miatt a szemek nem f\u00e1radnak, \u00e9s otthon k\u00e9nyelmes a tart\u00f3zkod\u00e1s.<\/p>\n<p>A lak\u00e1s nagyon praktikus elrendez\u00e9s\u0171, nincsenek \u00e1thalad\u00f3 szob\u00e1k, a WC \u00e9s a f\u00fcrd\u0151szoba j\u00f3l elhelyezett, \u00edgy a vend\u00e9gek fogad\u00e1sa nagyon k\u00e9nyelmes. A lak\u00e1sban tov\u00e1bb\u00e1 van gardr\u00f3b\/rakt\u00e1rhelyis\u00e9g is.<\/p>\n<p>Bent nem doh\u00e1nyoznak, a helyis\u00e9g f\u00fcstmentes.<\/p>\n<p>A h\u00e1z 20\u201330 perc s\u00e9t\u00e1ra tal\u00e1lhat\u00f3 a V\u00e1rosh\u00e1z\u00e1t\u00f3l. A k\u00f6zpontba vezet\u0151 \u00fat gyalog vagy ker\u00e9kp\u00e1rral is k\u00f6nnyen megtehet\u0151. Emellett a h\u00e1zt\u00f3l szinte k\u00f6zvetlen\u00fcl indul a 3-as busz a belv\u00e1rosba, a 6-os busszal pedig el lehet jutni a Pali\u0107-i \u00fcd\u00fcl\u0151t\u00f3hoz. A h\u00e1zt\u00f3l 5 percre van egy nagy Univerexport szupermarket, a h\u00e1zban pedig tal\u00e1lhat\u00f3 egy \u00e9lelmiszerbolt (m\u0171k\u00f6dik h\u00e9tv\u00e9g\u00e9n \u00e9s szinte minden \u00fcnnepen) \u00e9s egy hentes\u00fczlet, az egyik legjobb a v\u00e1rosban. A k\u00f6zelben \u00e9p\u00fcl egy nagy Lidl, val\u00f3sz\u00edn\u0171leg hamarosan megnyitj\u00e1k. Emellett a h\u00edres Buvljak piac is a k\u00f6zelben van, ahol mindent megtal\u00e1lni.     <\/p>\n<p>\u00d3ri\u00e1si el\u0151ny: alacsony k\u00f6z\u00fczemi d\u00edjak. \u00c1lland\u00f3 lak\u00f3k\u00e9nt \u00e9s k\u00fcl\u00f6nb\u00f6z\u0151 k\u00e9sz\u00fcl\u00e9kek haszn\u00e1lata mellett a havi sz\u00e1mla nem haladja meg a 7.000 din\u00e1rt! A sz\u00e1ml\u00e1kat meg tudjuk mutatni. Csak a leghidegebb h\u00f3napban, ebben a rendk\u00edv\u00fcli t\u00e9lben volt magasabb a sz\u00e1mla.   <\/p>\n<p>A lak\u00e1sban nincs k\u00f6zponti f\u0171t\u00e9s (ami t\u00f6bbek k\u00f6z\u00f6tt mentes\u00edt a magas k\u00f6z\u00fczemi d\u00edjakt\u00f3l, hiszen a k\u00f6zponti f\u0171t\u00e9st ny\u00e1ron is fizetni kell). A f\u0171t\u00e9s TA-k\u00e1lyh\u00e1val, l\u00e9gkondicion\u00e1l\u00f3val \u00e9s takar\u00e9kos elektromos f\u0171t\u0151testtel t\u00f6rt\u00e9nik.<br \/>\nA lak\u00e1st b\u00fator n\u00e9lk\u00fcl adjuk el, de minden egy\u00e9nileg megbesz\u00e9lhet\u0151.<\/p>\n<p>A lak\u00e1s ablak\u00e1b\u00f3l kellemes kil\u00e1t\u00e1s ny\u00edlik a z\u00f6ld\u00f6vezetre \u00e9s a csal\u00e1di h\u00e1zakra, a naplement\u00e9k itt egyszer\u0171en elk\u00e9peszt\u0151ek! Az ablakok nyugatra n\u00e9znek, de a k\u00f6zvetlen\u00fcl az ablak el\u0151tt \u00e1ll\u00f3 f\u00e1k miatt nincs elviselhetetlen h\u0151s\u00e9g.  <\/p>\n<p>A lak\u00e1s \u00e1r\u00e1nak r\u00e9sze egy k\u00fcl\u00f6n t\u00e1rol\u00f3helyis\u00e9g (kb. 6 m\u00b2) a pinc\u00e9ben, ahol nagyon k\u00e9nyelmes dolgokat t\u00e1rolni.<\/p>\n<p>A lak\u00e1s be van jegyezve a f\u00f6ldhivatalban. Amikor mi v\u00e1s\u00e1roltuk, sikeresen \u00e9s gyorsan kaptunk h\u00e1rom \u00e9ves tart\u00f3zkod\u00e1si enged\u00e9lyt az ingatlan alapj\u00e1n.<\/p>\n<p>Egy feln\u0151tt tulajdonos, tehermentes.<\/p>\n<p>Sajn\u00e1lattal adjuk el, mert N\u00e9metorsz\u00e1gba k\u00f6lt\u00f6z\u00fcnk<\/p>\n<p>Csak tov\u00e1bbi inform\u00e1ci\u00f3\u00e9rt (tov\u00e1bbi fot\u00f3kat \u00e9s vide\u00f3t k\u00fcld\u00f6k) vagy megtekint\u00e9s egyeztet\u00e9s\u00e9hez \u00edrjon!<\/p>\n","protected":false},"excerpt":{"rendered":"<p>Elad\u00f3 egy hangulatos, vil\u00e1gos (de nem forr\u00f3) lak\u00e1s, amely k\u00e9t teljes \u00e9rt\u00e9k\u0171 szob\u00e1b\u00f3l, el\u0151szob\u00e1b\u00f3l folyos\u00f3val, f\u00fcrd\u0151szob\u00e1b\u00f3l \u00e9s a konyh\u00e1val egybenyitott t\u00e1gas nappalib\u00f3l \u00e1ll. Teljes ter\u00fclet: 57 m\u00b2. Szabadka, Novo Selo v\u00e1rosr\u00e9sz. A lak\u00e1s egy t\u00e1rsash\u00e1z 3. emelet\u00e9n tal\u00e1lhat\u00f3 (helyi sz\u00e1m\u00edt\u00e1s szerint a 2. emeleten). Ez a legfels\u0151 emelet, de a lak\u00e1s f\u00f6l\u00f6tt van egy technikai helyis\u00e9g, \u00edgy ny\u00e1ron nincs er\u0151s h\u0151s\u00e9g a tet\u0151 felmeleged\u00e9se &#8230;<\/p>\n","protected":false},"featured_media":56256,"comment_status":"open","ping_status":"closed","template":"","property_category":[],"property_action_category":[],"property_city":[],"property_area":[],"property_county_state":[],"property_features":[],"property_status":[],"class_list":["post-56330","estate_property","type-estate_property","status-publish","has-post-thumbnail","hentry"],"yoast_head":"<!-- This site is optimized with the Yoast SEO Premium plugin v26.4 (Yoast SEO v26.4) - https:\/\/yoast.com\/wordpress\/plugins\/seo\/ -->\n<title>T\u00e1gas, vil\u00e1gos lak\u00e1s Szabadk\u00e1n.  - SPRAT.rs<\/title>\n<meta name=\"robots\" content=\"index, follow, max-snippet:-1, max-image-preview:large, max-video-preview:-1\" \/>\n<link rel=\"canonical\" href=\"https:\/\/sprat.rs\/hu\/properties\/tagas-vilagos-lakas-szabadkan\/\" \/>\n<meta property=\"og:locale\" content=\"hu_HU\" \/>\n<meta property=\"og:type\" content=\"article\" \/>\n<meta property=\"og:title\" content=\"T\u00e1gas, vil\u00e1gos lak\u00e1s Szabadk\u00e1n.\" \/>\n<meta property=\"og:description\" content=\"Elad\u00f3 egy hangulatos, vil\u00e1gos (de nem forr\u00f3) lak\u00e1s, amely k\u00e9t teljes \u00e9rt\u00e9k\u0171 szob\u00e1b\u00f3l, el\u0151szob\u00e1b\u00f3l folyos\u00f3val, f\u00fcrd\u0151szob\u00e1b\u00f3l \u00e9s a konyh\u00e1val egybenyitott t\u00e1gas nappalib\u00f3l \u00e1ll. Teljes ter\u00fclet: 57 m\u00b2. Szabadka, Novo Selo v\u00e1rosr\u00e9sz. A lak\u00e1s egy t\u00e1rsash\u00e1z 3. emelet\u00e9n tal\u00e1lhat\u00f3 (helyi sz\u00e1m\u00edt\u00e1s szerint a 2. emeleten). Ez a legfels\u0151 emelet, de a lak\u00e1s f\u00f6l\u00f6tt van egy technikai helyis\u00e9g, \u00edgy ny\u00e1ron nincs er\u0151s h\u0151s\u00e9g a tet\u0151 felmeleged\u00e9se ...\" \/>\n<meta property=\"og:url\" content=\"https:\/\/sprat.rs\/hu\/properties\/tagas-vilagos-lakas-szabadkan\/\" \/>\n<meta property=\"og:site_name\" content=\"SPRAT.rs\" \/>\n<meta property=\"article:publisher\" content=\"https:\/\/www.facebook.com\/serbiaproperty\" \/>\n<meta property=\"article:modified_time\" content=\"2026-03-17T00:39:12+00:00\" \/>\n<meta property=\"og:image\" content=\"https:\/\/sprat.rs\/wp-content\/uploads\/2026\/03\/R0035404-scaled.jpeg\" \/>\n\t<meta property=\"og:image:width\" content=\"2560\" \/>\n\t<meta property=\"og:image:height\" content=\"1707\" \/>\n\t<meta property=\"og:image:type\" content=\"image\/jpeg\" \/>\n<meta name=\"twitter:card\" content=\"summary_large_image\" \/>\n<meta name=\"twitter:label1\" content=\"Becs\u00fclt olvas\u00e1si id\u0151\" \/>\n\t<meta name=\"twitter:data1\" content=\"4 perc\" \/>\n<script type=\"application\/ld+json\" class=\"yoast-schema-graph\">{\"@context\":\"https:\/\/schema.org\",\"@graph\":[{\"@type\":\"WebPage\",\"@id\":\"https:\/\/sprat.rs\/hu\/properties\/tagas-vilagos-lakas-szabadkan\/\",\"url\":\"https:\/\/sprat.rs\/hu\/properties\/tagas-vilagos-lakas-szabadkan\/\",\"name\":\"T\u00e1gas, vil\u00e1gos lak\u00e1s Szabadk\u00e1n. - SPRAT.rs\",\"isPartOf\":{\"@id\":\"https:\/\/sprat.rs\/hu\/#website\"},\"primaryImageOfPage\":{\"@id\":\"https:\/\/sprat.rs\/hu\/properties\/tagas-vilagos-lakas-szabadkan\/#primaryimage\"},\"image\":{\"@id\":\"https:\/\/sprat.rs\/hu\/properties\/tagas-vilagos-lakas-szabadkan\/#primaryimage\"},\"thumbnailUrl\":\"https:\/\/sprat.rs\/wp-content\/uploads\/2026\/03\/R0035404-scaled.jpeg\",\"datePublished\":\"2026-03-17T00:37:26+00:00\",\"dateModified\":\"2026-03-17T00:39:12+00:00\",\"breadcrumb\":{\"@id\":\"https:\/\/sprat.rs\/hu\/properties\/tagas-vilagos-lakas-szabadkan\/#breadcrumb\"},\"inLanguage\":\"hu\",\"potentialAction\":[{\"@type\":\"ReadAction\",\"target\":[\"https:\/\/sprat.rs\/hu\/properties\/tagas-vilagos-lakas-szabadkan\/\"]}]},{\"@type\":\"ImageObject\",\"inLanguage\":\"hu\",\"@id\":\"https:\/\/sprat.rs\/hu\/properties\/tagas-vilagos-lakas-szabadkan\/#primaryimage\",\"url\":\"https:\/\/sprat.rs\/wp-content\/uploads\/2026\/03\/R0035404-scaled.jpeg\",\"contentUrl\":\"https:\/\/sprat.rs\/wp-content\/uploads\/2026\/03\/R0035404-scaled.jpeg\",\"width\":2560,\"height\":1707},{\"@type\":\"BreadcrumbList\",\"@id\":\"https:\/\/sprat.rs\/hu\/properties\/tagas-vilagos-lakas-szabadkan\/#breadcrumb\",\"itemListElement\":[{\"@type\":\"ListItem\",\"position\":1,\"name\":\"Home\",\"item\":\"https:\/\/sprat.rs\/hu\/otthon\/\"},{\"@type\":\"ListItem\",\"position\":2,\"name\":\"Tulajdons\u00e1gok\",\"item\":\"https:\/\/sprat.rs\/hu\/properties\/\"},{\"@type\":\"ListItem\",\"position\":3,\"name\":\"T\u00e1gas, vil\u00e1gos lak\u00e1s Szabadk\u00e1n.\"}]},{\"@type\":\"WebSite\",\"@id\":\"https:\/\/sprat.rs\/hu\/#website\",\"url\":\"https:\/\/sprat.rs\/hu\/\",\"name\":\"SPRAT.rs\",\"description\":\"\u041a\u0432\u0430\u0440\u0442\u0438\u0440\u044b \u0438 \u0434\u043e\u043c\u0430 \u0432 \u0421\u0443\u0431\u043e\u0442\u0438\u0446\u0435 \u2013 \u0430\u043a\u0442\u0443\u0430\u043b\u044c\u043d\u044b\u0435 \u043f\u0440\u0435\u0434\u043b\u043e\u0436\u0435\u043d\u0438\u044f \u043f\u043e \u043f\u0440\u043e\u0434\u0430\u0436\u0435 \u043d\u0435\u0434\u0432\u0438\u0436\u0438\u043c\u043e\u0441\u0442\u0438. \u041d\u0430 \u043d\u0430\u0448\u0435\u043c \u0441\u0430\u0439\u0442\u0435 \u0432\u044b \u043d\u0430\u0439\u0434\u0435\u0442\u0435 \u043a\u0432\u0430\u0440\u0442\u0438\u0440\u044b \u0438 \u0447\u0430\u0441\u0442\u043d\u044b\u0435 \u0434\u043e\u043c\u0430 \u0432 \u0421\u0443\u0431\u043e\u0442\u0438\u0446\u0435 \u0441 \u043f\u043e\u043b\u043d\u044b\u043c \u0441\u043e\u043f\u0440\u043e\u0432\u043e\u0436\u0434\u0435\u043d\u0438\u0435\u043c \u0441\u0434\u0435\u043b\u043a\u0438. \u041c\u044b \u043f\u0440\u0435\u0434\u043b\u0430\u0433\u0430\u0435\u043c \u043b\u0443\u0447\u0448\u0438\u0435 \u0432\u0430\u0440\u0438\u0430\u043d\u0442\u044b \u0434\u043b\u044f \u043f\u043e\u043a\u0443\u043f\u043a\u0438 \u043d\u0435\u0434\u0432\u0438\u0436\u0438\u043c\u043e\u0441\u0442\u0438 \u0432 \u0421\u0443\u0431\u043e\u0442\u0438\u0446\u0435: \u043d\u043e\u0432\u043e\u0441\u0442\u0440\u043e\u0439\u043a\u0438, \u0432\u0442\u043e\u0440\u0438\u0447\u043d\u044b\u0439 \u0440\u044b\u043d\u043e\u043a \u0438 \u043a\u043e\u043c\u043c\u0435\u0440\u0447\u0435\u0441\u043a\u0430\u044f \u043d\u0435\u0434\u0432\u0438\u0436\u0438\u043c\u043e\u0441\u0442\u044c. \u041f\u043e\u043c\u043e\u0433\u0430\u0435\u043c \u043e\u0444\u043e\u0440\u043c\u0438\u0442\u044c \u043f\u043e\u043a\u0443\u043f\u043a\u0443 \u0434\u043e\u043c\u0430 \u0438\u043b\u0438 \u043a\u0432\u0430\u0440\u0442\u0438\u0440\u044b \u0431\u044b\u0441\u0442\u0440\u043e \u0438 \u0431\u0435\u0437\u043e\u043f\u0430\u0441\u043d\u043e.\",\"publisher\":{\"@id\":\"https:\/\/sprat.rs\/hu\/#organization\"},\"potentialAction\":[{\"@type\":\"SearchAction\",\"target\":{\"@type\":\"EntryPoint\",\"urlTemplate\":\"https:\/\/sprat.rs\/hu\/?s={search_term_string}\"},\"query-input\":{\"@type\":\"PropertyValueSpecification\",\"valueRequired\":true,\"valueName\":\"search_term_string\"}}],\"inLanguage\":\"hu\"},{\"@type\":[\"Organization\",\"Place\"],\"@id\":\"https:\/\/sprat.rs\/hu\/#organization\",\"name\":\"SPRAT DOO SUBOTICA\",\"alternateName\":\"SPRAT\",\"url\":\"https:\/\/sprat.rs\/hu\/\",\"logo\":{\"@id\":\"https:\/\/sprat.rs\/hu\/properties\/tagas-vilagos-lakas-szabadkan\/#local-main-organization-logo\"},\"image\":{\"@id\":\"https:\/\/sprat.rs\/hu\/properties\/tagas-vilagos-lakas-szabadkan\/#local-main-organization-logo\"},\"sameAs\":[\"https:\/\/www.facebook.com\/serbiaproperty\",\"https:\/\/www.instagram.com\/sprat.rs\/\",\"https:\/\/t.me\/realestatesubotica\"],\"telephone\":[],\"openingHoursSpecification\":[{\"@type\":\"OpeningHoursSpecification\",\"dayOfWeek\":[\"Monday\",\"Tuesday\",\"Wednesday\",\"Thursday\",\"Friday\",\"Saturday\",\"Sunday\"],\"opens\":\"09:00\",\"closes\":\"17:00\"}]},{\"@type\":\"ImageObject\",\"inLanguage\":\"hu\",\"@id\":\"https:\/\/sprat.rs\/hu\/properties\/tagas-vilagos-lakas-szabadkan\/#local-main-organization-logo\",\"url\":\"https:\/\/sprat.rs\/wp-content\/uploads\/2025\/12\/\u0411\u0435\u0437\u044b\u043c\u044f\u043d\u043d\u044b\u0439.png\",\"contentUrl\":\"https:\/\/sprat.rs\/wp-content\/uploads\/2025\/12\/\u0411\u0435\u0437\u044b\u043c\u044f\u043d\u043d\u044b\u0439.png\",\"width\":1014,\"height\":330,\"caption\":\"SPRAT DOO SUBOTICA\"}]}<\/script>\n<!-- \/ Yoast SEO Premium plugin. -->","yoast_head_json":{"title":"T\u00e1gas, vil\u00e1gos lak\u00e1s Szabadk\u00e1n.  - SPRAT.rs","robots":{"index":"index","follow":"follow","max-snippet":"max-snippet:-1","max-image-preview":"max-image-preview:large","max-video-preview":"max-video-preview:-1"},"canonical":"https:\/\/sprat.rs\/hu\/properties\/tagas-vilagos-lakas-szabadkan\/","og_locale":"hu_HU","og_type":"article","og_title":"T\u00e1gas, vil\u00e1gos lak\u00e1s Szabadk\u00e1n.","og_description":"Elad\u00f3 egy hangulatos, vil\u00e1gos (de nem forr\u00f3) lak\u00e1s, amely k\u00e9t teljes \u00e9rt\u00e9k\u0171 szob\u00e1b\u00f3l, el\u0151szob\u00e1b\u00f3l folyos\u00f3val, f\u00fcrd\u0151szob\u00e1b\u00f3l \u00e9s a konyh\u00e1val egybenyitott t\u00e1gas nappalib\u00f3l \u00e1ll. Teljes ter\u00fclet: 57 m\u00b2. Szabadka, Novo Selo v\u00e1rosr\u00e9sz. A lak\u00e1s egy t\u00e1rsash\u00e1z 3. emelet\u00e9n tal\u00e1lhat\u00f3 (helyi sz\u00e1m\u00edt\u00e1s szerint a 2. emeleten). Ez a legfels\u0151 emelet, de a lak\u00e1s f\u00f6l\u00f6tt van egy technikai helyis\u00e9g, \u00edgy ny\u00e1ron nincs er\u0151s h\u0151s\u00e9g a tet\u0151 felmeleged\u00e9se ...","og_url":"https:\/\/sprat.rs\/hu\/properties\/tagas-vilagos-lakas-szabadkan\/","og_site_name":"SPRAT.rs","article_publisher":"https:\/\/www.facebook.com\/serbiaproperty","article_modified_time":"2026-03-17T00:39:12+00:00","og_image":[{"width":2560,"height":1707,"url":"https:\/\/sprat.rs\/wp-content\/uploads\/2026\/03\/R0035404-scaled.jpeg","type":"image\/jpeg"}],"twitter_card":"summary_large_image","twitter_misc":{"Becs\u00fclt olvas\u00e1si id\u0151":"4 perc"},"schema":{"@context":"https:\/\/schema.org","@graph":[{"@type":"WebPage","@id":"https:\/\/sprat.rs\/hu\/properties\/tagas-vilagos-lakas-szabadkan\/","url":"https:\/\/sprat.rs\/hu\/properties\/tagas-vilagos-lakas-szabadkan\/","name":"T\u00e1gas, vil\u00e1gos lak\u00e1s Szabadk\u00e1n. - SPRAT.rs","isPartOf":{"@id":"https:\/\/sprat.rs\/hu\/#website"},"primaryImageOfPage":{"@id":"https:\/\/sprat.rs\/hu\/properties\/tagas-vilagos-lakas-szabadkan\/#primaryimage"},"image":{"@id":"https:\/\/sprat.rs\/hu\/properties\/tagas-vilagos-lakas-szabadkan\/#primaryimage"},"thumbnailUrl":"https:\/\/sprat.rs\/wp-content\/uploads\/2026\/03\/R0035404-scaled.jpeg","datePublished":"2026-03-17T00:37:26+00:00","dateModified":"2026-03-17T00:39:12+00:00","breadcrumb":{"@id":"https:\/\/sprat.rs\/hu\/properties\/tagas-vilagos-lakas-szabadkan\/#breadcrumb"},"inLanguage":"hu","potentialAction":[{"@type":"ReadAction","target":["https:\/\/sprat.rs\/hu\/properties\/tagas-vilagos-lakas-szabadkan\/"]}]},{"@type":"ImageObject","inLanguage":"hu","@id":"https:\/\/sprat.rs\/hu\/properties\/tagas-vilagos-lakas-szabadkan\/#primaryimage","url":"https:\/\/sprat.rs\/wp-content\/uploads\/2026\/03\/R0035404-scaled.jpeg","contentUrl":"https:\/\/sprat.rs\/wp-content\/uploads\/2026\/03\/R0035404-scaled.jpeg","width":2560,"height":1707},{"@type":"BreadcrumbList","@id":"https:\/\/sprat.rs\/hu\/properties\/tagas-vilagos-lakas-szabadkan\/#breadcrumb","itemListElement":[{"@type":"ListItem","position":1,"name":"Home","item":"https:\/\/sprat.rs\/hu\/otthon\/"},{"@type":"ListItem","position":2,"name":"Tulajdons\u00e1gok","item":"https:\/\/sprat.rs\/hu\/properties\/"},{"@type":"ListItem","position":3,"name":"T\u00e1gas, vil\u00e1gos lak\u00e1s Szabadk\u00e1n."}]},{"@type":"WebSite","@id":"https:\/\/sprat.rs\/hu\/#website","url":"https:\/\/sprat.rs\/hu\/","name":"SPRAT.rs","description":"\u041a\u0432\u0430\u0440\u0442\u0438\u0440\u044b \u0438 \u0434\u043e\u043c\u0430 \u0432 \u0421\u0443\u0431\u043e\u0442\u0438\u0446\u0435 \u2013 \u0430\u043a\u0442\u0443\u0430\u043b\u044c\u043d\u044b\u0435 \u043f\u0440\u0435\u0434\u043b\u043e\u0436\u0435\u043d\u0438\u044f \u043f\u043e \u043f\u0440\u043e\u0434\u0430\u0436\u0435 \u043d\u0435\u0434\u0432\u0438\u0436\u0438\u043c\u043e\u0441\u0442\u0438. \u041d\u0430 \u043d\u0430\u0448\u0435\u043c \u0441\u0430\u0439\u0442\u0435 \u0432\u044b \u043d\u0430\u0439\u0434\u0435\u0442\u0435 \u043a\u0432\u0430\u0440\u0442\u0438\u0440\u044b \u0438 \u0447\u0430\u0441\u0442\u043d\u044b\u0435 \u0434\u043e\u043c\u0430 \u0432 \u0421\u0443\u0431\u043e\u0442\u0438\u0446\u0435 \u0441 \u043f\u043e\u043b\u043d\u044b\u043c \u0441\u043e\u043f\u0440\u043e\u0432\u043e\u0436\u0434\u0435\u043d\u0438\u0435\u043c \u0441\u0434\u0435\u043b\u043a\u0438. \u041c\u044b \u043f\u0440\u0435\u0434\u043b\u0430\u0433\u0430\u0435\u043c \u043b\u0443\u0447\u0448\u0438\u0435 \u0432\u0430\u0440\u0438\u0430\u043d\u0442\u044b \u0434\u043b\u044f \u043f\u043e\u043a\u0443\u043f\u043a\u0438 \u043d\u0435\u0434\u0432\u0438\u0436\u0438\u043c\u043e\u0441\u0442\u0438 \u0432 \u0421\u0443\u0431\u043e\u0442\u0438\u0446\u0435: \u043d\u043e\u0432\u043e\u0441\u0442\u0440\u043e\u0439\u043a\u0438, \u0432\u0442\u043e\u0440\u0438\u0447\u043d\u044b\u0439 \u0440\u044b\u043d\u043e\u043a \u0438 \u043a\u043e\u043c\u043c\u0435\u0440\u0447\u0435\u0441\u043a\u0430\u044f \u043d\u0435\u0434\u0432\u0438\u0436\u0438\u043c\u043e\u0441\u0442\u044c. \u041f\u043e\u043c\u043e\u0433\u0430\u0435\u043c \u043e\u0444\u043e\u0440\u043c\u0438\u0442\u044c \u043f\u043e\u043a\u0443\u043f\u043a\u0443 \u0434\u043e\u043c\u0430 \u0438\u043b\u0438 \u043a\u0432\u0430\u0440\u0442\u0438\u0440\u044b \u0431\u044b\u0441\u0442\u0440\u043e \u0438 \u0431\u0435\u0437\u043e\u043f\u0430\u0441\u043d\u043e.","publisher":{"@id":"https:\/\/sprat.rs\/hu\/#organization"},"potentialAction":[{"@type":"SearchAction","target":{"@type":"EntryPoint","urlTemplate":"https:\/\/sprat.rs\/hu\/?s={search_term_string}"},"query-input":{"@type":"PropertyValueSpecification","valueRequired":true,"valueName":"search_term_string"}}],"inLanguage":"hu"},{"@type":["Organization","Place"],"@id":"https:\/\/sprat.rs\/hu\/#organization","name":"SPRAT DOO SUBOTICA","alternateName":"SPRAT","url":"https:\/\/sprat.rs\/hu\/","logo":{"@id":"https:\/\/sprat.rs\/hu\/properties\/tagas-vilagos-lakas-szabadkan\/#local-main-organization-logo"},"image":{"@id":"https:\/\/sprat.rs\/hu\/properties\/tagas-vilagos-lakas-szabadkan\/#local-main-organization-logo"},"sameAs":["https:\/\/www.facebook.com\/serbiaproperty","https:\/\/www.instagram.com\/sprat.rs\/","https:\/\/t.me\/realestatesubotica"],"telephone":[],"openingHoursSpecification":[{"@type":"OpeningHoursSpecification","dayOfWeek":["Monday","Tuesday","Wednesday","Thursday","Friday","Saturday","Sunday"],"opens":"09:00","closes":"17:00"}]},{"@type":"ImageObject","inLanguage":"hu","@id":"https:\/\/sprat.rs\/hu\/properties\/tagas-vilagos-lakas-szabadkan\/#local-main-organization-logo","url":"https:\/\/sprat.rs\/wp-content\/uploads\/2025\/12\/\u0411\u0435\u0437\u044b\u043c\u044f\u043d\u043d\u044b\u0439.png","contentUrl":"https:\/\/sprat.rs\/wp-content\/uploads\/2025\/12\/\u0411\u0435\u0437\u044b\u043c\u044f\u043d\u043d\u044b\u0439.png","width":1014,"height":330,"caption":"SPRAT DOO SUBOTICA"}]}},"_links":{"self":[{"href":"https:\/\/sprat.rs\/hu\/wp-json\/wp\/v2\/estate_property\/56330","targetHints":{"allow":["GET"]}}],"collection":[{"href":"https:\/\/sprat.rs\/hu\/wp-json\/wp\/v2\/estate_property"}],"about":[{"href":"https:\/\/sprat.rs\/hu\/wp-json\/wp\/v2\/types\/estate_property"}],"replies":[{"embeddable":true,"href":"https:\/\/sprat.rs\/hu\/wp-json\/wp\/v2\/comments?post=56330"}],"wp:featuredmedia":[{"embeddable":true,"href":"https:\/\/sprat.rs\/hu\/wp-json\/wp\/v2\/media\/56256"}],"wp:attachment":[{"href":"https:\/\/sprat.rs\/hu\/wp-json\/wp\/v2\/media?parent=56330"}],"wp:term":[{"taxonomy":"property_category","embeddable":true,"href":"https:\/\/sprat.rs\/hu\/wp-json\/wp\/v2\/property_category?post=56330"},{"taxonomy":"property_action_category","embeddable":true,"href":"https:\/\/sprat.rs\/hu\/wp-json\/wp\/v2\/property_action_category?post=56330"},{"taxonomy":"property_city","embeddable":true,"href":"https:\/\/sprat.rs\/hu\/wp-json\/wp\/v2\/property_city?post=56330"},{"taxonomy":"property_area","embeddable":true,"href":"https:\/\/sprat.rs\/hu\/wp-json\/wp\/v2\/property_area?post=56330"},{"taxonomy":"property_county_state","embeddable":true,"href":"https:\/\/sprat.rs\/hu\/wp-json\/wp\/v2\/property_county_state?post=56330"},{"taxonomy":"property_features","embeddable":true,"href":"https:\/\/sprat.rs\/hu\/wp-json\/wp\/v2\/property_features?post=56330"},{"taxonomy":"property_status","embeddable":true,"href":"https:\/\/sprat.rs\/hu\/wp-json\/wp\/v2\/property_status?post=56330"}],"curies":[{"name":"wp","href":"https:\/\/api.w.org\/{rel}","templated":true}]}}