{"id":55801,"date":"2026-01-27T03:07:33","date_gmt":"2026-01-27T00:07:33","guid":{"rendered":"https:\/\/sprat.rs\/?post_type=estate_property&#038;p=55801"},"modified":"2026-01-30T18:48:42","modified_gmt":"2026-01-30T15:48:42","slug":"elado-egy-27-m%c2%b2-es-garzonlakas-szabadkan-a-prozivka-varosreszben","status":"publish","type":"estate_property","link":"https:\/\/sprat.rs\/hu\/properties\/elado-egy-27-m%c2%b2-es-garzonlakas-szabadkan-a-prozivka-varosreszben\/","title":{"rendered":"Elad\u00f3 egy 27 m\u00b2-es garzonlak\u00e1s Szabadk\u00e1n, a Prozivka v\u00e1rosr\u00e9szben."},"content":{"rendered":"<p>\u00daj \u00e9p\u00edt\u00e9s\u0171, 27 m\u00b2-es lak\u00e1s, amely nappalib\u00f3l konyh\u00e1val, f\u00fcrd\u0151szob\u00e1b\u00f3l \u00e9s loggi\u00e1b\u00f3l \u00e1ll. A 6 emeletes \u00e9p\u00fclet 4. emelet\u00e9n tal\u00e1lhat\u00f3. Bo\u017eidara Ad\u017eije utca 10.<br \/>\nA lak\u00e1sban g\u00e1z\u00fczem\u0171 padl\u00f3f\u0171t\u00e9s van, amely alacsony \u00fczemeltet\u00e9si k\u00f6lts\u00e9geket biztos\u00edt. Be\u00e9p\u00edt\u00e9sre ker\u00fcltek kiv\u00e1l\u00f3 min\u0151s\u00e9g\u0171, h\u00e1romr\u00e9teg\u0171, alacsony emisszi\u00f3j\u00fa \u00fcvegez\u00e9ssel ell\u00e1tott alum\u00ednium ablakok, valamint k\u00fcls\u0151 PVC red\u0151ny\u00f6k. A falak kiv\u00e1l\u00f3 h\u0151szigetel\u0151 tulajdons\u00e1gokkal rendelkez\u0151 termoblokkokb\u00f3l k\u00e9sz\u00fcltek, tov\u00e1bb\u00e1 a homlokzat plusz h\u0151szigetel\u00e9st kapott.<br \/>\nA bels\u0151 falak t\u00e9gl\u00e1b\u00f3l k\u00e9sz\u00fcltek. A szob\u00e1ban Tarkett padl\u00f3burkolat tal\u00e1lhat\u00f3, a f\u00fcrd\u0151szob\u00e1ban \u00e9s a konyh\u00e1ban pedig I. oszt\u00e1ly\u00fa ker\u00e1mia burkolat. A f\u00fcrd\u0151szob\u00e1ban edzett \u00fcveg zuhanyfalak, mosd\u00f3 \u00e9s be\u00e9p\u00edtett WC-tart\u00e1ly tal\u00e1lhat\u00f3.<br \/>A lak\u00e1s meger\u0151s\u00edtett bej\u00e1rati ajt\u00f3val, optikai internettel, kaputelefonnal, valamint kl\u00edmaberendez\u00e9s csatlakoztat\u00e1si lehet\u0151s\u00e9ggel rendelkezik.   <\/p>\n","protected":false},"excerpt":{"rendered":"<p>\u00daj \u00e9p\u00edt\u00e9s\u0171, 27 m\u00b2-es lak\u00e1s, amely nappalib\u00f3l konyh\u00e1val, f\u00fcrd\u0151szob\u00e1b\u00f3l \u00e9s loggi\u00e1b\u00f3l \u00e1ll. A 6 emeletes \u00e9p\u00fclet 4. emelet\u00e9n tal\u00e1lhat\u00f3. Bo\u017eidara Ad\u017eije utca 10. A lak\u00e1sban g\u00e1z\u00fczem\u0171 padl\u00f3f\u0171t\u00e9s van, amely alacsony \u00fczemeltet\u00e9si k\u00f6lts\u00e9geket biztos\u00edt. Be\u00e9p\u00edt\u00e9sre ker\u00fcltek kiv\u00e1l\u00f3 min\u0151s\u00e9g\u0171, h\u00e1romr\u00e9teg\u0171, alacsony emisszi\u00f3j\u00fa \u00fcvegez\u00e9ssel ell\u00e1tott alum\u00ednium ablakok, valamint k\u00fcls\u0151 PVC red\u0151ny\u00f6k. A falak kiv\u00e1l\u00f3 h\u0151szigetel\u0151 tulajdons\u00e1gokkal rendelkez\u0151 termoblokkokb\u00f3l k\u00e9sz\u00fcltek, tov\u00e1bb\u00e1 a homlokzat plusz h\u0151szigetel\u00e9st kapott. A bels\u0151 &#8230;<\/p>\n","protected":false},"featured_media":55741,"comment_status":"open","ping_status":"closed","template":"","property_category":[802],"property_action_category":[],"property_city":[754],"property_area":[773],"property_county_state":[],"property_features":[857,831,809,817,850,829,855,813,826],"property_status":[870],"class_list":["post-55801","estate_property","type-estate_property","status-publish","has-post-thumbnail","hentry","property_category-lakas","property_city-szabadka","property_area-prozivka-hu","property_features-gym","property_features-balcony","property_features-gas","property_features-municipal-sewage","property_features-municipal-water-supply","property_features-with-elevator","property_features-swimming-pool","property_features-underfloor-heating","property_features-shower","property_status-uj-fejlesztes"],"yoast_head":"<!-- This site is optimized with the Yoast SEO Premium plugin v26.4 (Yoast SEO v26.4) - https:\/\/yoast.com\/wordpress\/plugins\/seo\/ -->\n<title>Elad\u00f3 egy 27 m\u00b2-es garzonlak\u00e1s Szabadk\u00e1n, a Prozivka v\u00e1rosr\u00e9szben. - SPRAT.rs<\/title>\n<meta name=\"robots\" content=\"index, follow, max-snippet:-1, max-image-preview:large, max-video-preview:-1\" \/>\n<link rel=\"canonical\" href=\"https:\/\/sprat.rs\/hu\/properties\/elado-egy-27-m%c2%b2-es-garzonlakas-szabadkan-a-prozivka-varosreszben\/\" \/>\n<meta property=\"og:locale\" content=\"hu_HU\" \/>\n<meta property=\"og:type\" content=\"article\" \/>\n<meta property=\"og:title\" content=\"Elad\u00f3 egy 27 m\u00b2-es garzonlak\u00e1s Szabadk\u00e1n, a Prozivka v\u00e1rosr\u00e9szben.\" \/>\n<meta property=\"og:description\" content=\"\u00daj \u00e9p\u00edt\u00e9s\u0171, 27 m\u00b2-es lak\u00e1s, amely nappalib\u00f3l konyh\u00e1val, f\u00fcrd\u0151szob\u00e1b\u00f3l \u00e9s loggi\u00e1b\u00f3l \u00e1ll. A 6 emeletes \u00e9p\u00fclet 4. emelet\u00e9n tal\u00e1lhat\u00f3. Bo\u017eidara Ad\u017eije utca 10. A lak\u00e1sban g\u00e1z\u00fczem\u0171 padl\u00f3f\u0171t\u00e9s van, amely alacsony \u00fczemeltet\u00e9si k\u00f6lts\u00e9geket biztos\u00edt. Be\u00e9p\u00edt\u00e9sre ker\u00fcltek kiv\u00e1l\u00f3 min\u0151s\u00e9g\u0171, h\u00e1romr\u00e9teg\u0171, alacsony emisszi\u00f3j\u00fa \u00fcvegez\u00e9ssel ell\u00e1tott alum\u00ednium ablakok, valamint k\u00fcls\u0151 PVC red\u0151ny\u00f6k. A falak kiv\u00e1l\u00f3 h\u0151szigetel\u0151 tulajdons\u00e1gokkal rendelkez\u0151 termoblokkokb\u00f3l k\u00e9sz\u00fcltek, tov\u00e1bb\u00e1 a homlokzat plusz h\u0151szigetel\u00e9st kapott. A bels\u0151 ...\" \/>\n<meta property=\"og:url\" content=\"https:\/\/sprat.rs\/hu\/properties\/elado-egy-27-m%c2%b2-es-garzonlakas-szabadkan-a-prozivka-varosreszben\/\" \/>\n<meta property=\"og:site_name\" content=\"SPRAT.rs\" \/>\n<meta property=\"article:publisher\" content=\"https:\/\/www.facebook.com\/serbiaproperty\" \/>\n<meta property=\"article:modified_time\" content=\"2026-01-30T15:48:42+00:00\" \/>\n<meta property=\"og:image\" content=\"https:\/\/sprat.rs\/wp-content\/uploads\/2026\/01\/IMG_6112-1-scaled.jpeg\" \/>\n\t<meta property=\"og:image:width\" content=\"1920\" \/>\n\t<meta property=\"og:image:height\" content=\"2560\" \/>\n\t<meta property=\"og:image:type\" content=\"image\/jpeg\" \/>\n<meta name=\"twitter:card\" content=\"summary_large_image\" \/>\n<meta name=\"twitter:label1\" content=\"Becs\u00fclt olvas\u00e1si id\u0151\" \/>\n\t<meta name=\"twitter:data1\" content=\"1 perc\" \/>\n<script type=\"application\/ld+json\" class=\"yoast-schema-graph\">{\"@context\":\"https:\/\/schema.org\",\"@graph\":[{\"@type\":\"WebPage\",\"@id\":\"https:\/\/sprat.rs\/hu\/properties\/elado-egy-27-m%c2%b2-es-garzonlakas-szabadkan-a-prozivka-varosreszben\/\",\"url\":\"https:\/\/sprat.rs\/hu\/properties\/elado-egy-27-m%c2%b2-es-garzonlakas-szabadkan-a-prozivka-varosreszben\/\",\"name\":\"Elad\u00f3 egy 27 m\u00b2-es garzonlak\u00e1s Szabadk\u00e1n, a Prozivka v\u00e1rosr\u00e9szben. - SPRAT.rs\",\"isPartOf\":{\"@id\":\"https:\/\/sprat.rs\/hu\/#website\"},\"primaryImageOfPage\":{\"@id\":\"https:\/\/sprat.rs\/hu\/properties\/elado-egy-27-m%c2%b2-es-garzonlakas-szabadkan-a-prozivka-varosreszben\/#primaryimage\"},\"image\":{\"@id\":\"https:\/\/sprat.rs\/hu\/properties\/elado-egy-27-m%c2%b2-es-garzonlakas-szabadkan-a-prozivka-varosreszben\/#primaryimage\"},\"thumbnailUrl\":\"https:\/\/sprat.rs\/wp-content\/uploads\/2026\/01\/IMG_6112-1-scaled.jpeg\",\"datePublished\":\"2026-01-27T00:07:33+00:00\",\"dateModified\":\"2026-01-30T15:48:42+00:00\",\"breadcrumb\":{\"@id\":\"https:\/\/sprat.rs\/hu\/properties\/elado-egy-27-m%c2%b2-es-garzonlakas-szabadkan-a-prozivka-varosreszben\/#breadcrumb\"},\"inLanguage\":\"hu\",\"potentialAction\":[{\"@type\":\"ReadAction\",\"target\":[\"https:\/\/sprat.rs\/hu\/properties\/elado-egy-27-m%c2%b2-es-garzonlakas-szabadkan-a-prozivka-varosreszben\/\"]}]},{\"@type\":\"ImageObject\",\"inLanguage\":\"hu\",\"@id\":\"https:\/\/sprat.rs\/hu\/properties\/elado-egy-27-m%c2%b2-es-garzonlakas-szabadkan-a-prozivka-varosreszben\/#primaryimage\",\"url\":\"https:\/\/sprat.rs\/wp-content\/uploads\/2026\/01\/IMG_6112-1-scaled.jpeg\",\"contentUrl\":\"https:\/\/sprat.rs\/wp-content\/uploads\/2026\/01\/IMG_6112-1-scaled.jpeg\",\"width\":1920,\"height\":2560},{\"@type\":\"BreadcrumbList\",\"@id\":\"https:\/\/sprat.rs\/hu\/properties\/elado-egy-27-m%c2%b2-es-garzonlakas-szabadkan-a-prozivka-varosreszben\/#breadcrumb\",\"itemListElement\":[{\"@type\":\"ListItem\",\"position\":1,\"name\":\"Home\",\"item\":\"https:\/\/sprat.rs\/hu\/otthon\/\"},{\"@type\":\"ListItem\",\"position\":2,\"name\":\"Tulajdons\u00e1gok\",\"item\":\"https:\/\/sprat.rs\/hu\/properties\/\"},{\"@type\":\"ListItem\",\"position\":3,\"name\":\"Elad\u00f3 egy 27 m\u00b2-es garzonlak\u00e1s Szabadk\u00e1n, a Prozivka v\u00e1rosr\u00e9szben.\"}]},{\"@type\":\"WebSite\",\"@id\":\"https:\/\/sprat.rs\/hu\/#website\",\"url\":\"https:\/\/sprat.rs\/hu\/\",\"name\":\"SPRAT.rs\",\"description\":\"\u041a\u0432\u0430\u0440\u0442\u0438\u0440\u044b \u0438 \u0434\u043e\u043c\u0430 \u0432 \u0421\u0443\u0431\u043e\u0442\u0438\u0446\u0435 \u2013 \u0430\u043a\u0442\u0443\u0430\u043b\u044c\u043d\u044b\u0435 \u043f\u0440\u0435\u0434\u043b\u043e\u0436\u0435\u043d\u0438\u044f \u043f\u043e \u043f\u0440\u043e\u0434\u0430\u0436\u0435 \u043d\u0435\u0434\u0432\u0438\u0436\u0438\u043c\u043e\u0441\u0442\u0438. \u041d\u0430 \u043d\u0430\u0448\u0435\u043c \u0441\u0430\u0439\u0442\u0435 \u0432\u044b \u043d\u0430\u0439\u0434\u0435\u0442\u0435 \u043a\u0432\u0430\u0440\u0442\u0438\u0440\u044b \u0438 \u0447\u0430\u0441\u0442\u043d\u044b\u0435 \u0434\u043e\u043c\u0430 \u0432 \u0421\u0443\u0431\u043e\u0442\u0438\u0446\u0435 \u0441 \u043f\u043e\u043b\u043d\u044b\u043c \u0441\u043e\u043f\u0440\u043e\u0432\u043e\u0436\u0434\u0435\u043d\u0438\u0435\u043c \u0441\u0434\u0435\u043b\u043a\u0438. \u041c\u044b \u043f\u0440\u0435\u0434\u043b\u0430\u0433\u0430\u0435\u043c \u043b\u0443\u0447\u0448\u0438\u0435 \u0432\u0430\u0440\u0438\u0430\u043d\u0442\u044b \u0434\u043b\u044f \u043f\u043e\u043a\u0443\u043f\u043a\u0438 \u043d\u0435\u0434\u0432\u0438\u0436\u0438\u043c\u043e\u0441\u0442\u0438 \u0432 \u0421\u0443\u0431\u043e\u0442\u0438\u0446\u0435: \u043d\u043e\u0432\u043e\u0441\u0442\u0440\u043e\u0439\u043a\u0438, \u0432\u0442\u043e\u0440\u0438\u0447\u043d\u044b\u0439 \u0440\u044b\u043d\u043e\u043a \u0438 \u043a\u043e\u043c\u043c\u0435\u0440\u0447\u0435\u0441\u043a\u0430\u044f \u043d\u0435\u0434\u0432\u0438\u0436\u0438\u043c\u043e\u0441\u0442\u044c. \u041f\u043e\u043c\u043e\u0433\u0430\u0435\u043c \u043e\u0444\u043e\u0440\u043c\u0438\u0442\u044c \u043f\u043e\u043a\u0443\u043f\u043a\u0443 \u0434\u043e\u043c\u0430 \u0438\u043b\u0438 \u043a\u0432\u0430\u0440\u0442\u0438\u0440\u044b \u0431\u044b\u0441\u0442\u0440\u043e \u0438 \u0431\u0435\u0437\u043e\u043f\u0430\u0441\u043d\u043e.\",\"publisher\":{\"@id\":\"https:\/\/sprat.rs\/hu\/#organization\"},\"potentialAction\":[{\"@type\":\"SearchAction\",\"target\":{\"@type\":\"EntryPoint\",\"urlTemplate\":\"https:\/\/sprat.rs\/hu\/?s={search_term_string}\"},\"query-input\":{\"@type\":\"PropertyValueSpecification\",\"valueRequired\":true,\"valueName\":\"search_term_string\"}}],\"inLanguage\":\"hu\"},{\"@type\":[\"Organization\",\"Place\"],\"@id\":\"https:\/\/sprat.rs\/hu\/#organization\",\"name\":\"SPRAT DOO SUBOTICA\",\"alternateName\":\"SPRAT\",\"url\":\"https:\/\/sprat.rs\/hu\/\",\"logo\":{\"@id\":\"https:\/\/sprat.rs\/hu\/properties\/elado-egy-27-m%c2%b2-es-garzonlakas-szabadkan-a-prozivka-varosreszben\/#local-main-organization-logo\"},\"image\":{\"@id\":\"https:\/\/sprat.rs\/hu\/properties\/elado-egy-27-m%c2%b2-es-garzonlakas-szabadkan-a-prozivka-varosreszben\/#local-main-organization-logo\"},\"sameAs\":[\"https:\/\/www.facebook.com\/serbiaproperty\",\"https:\/\/www.instagram.com\/sprat.rs\/\",\"https:\/\/t.me\/realestatesubotica\"],\"telephone\":[],\"openingHoursSpecification\":[{\"@type\":\"OpeningHoursSpecification\",\"dayOfWeek\":[\"Monday\",\"Tuesday\",\"Wednesday\",\"Thursday\",\"Friday\",\"Saturday\",\"Sunday\"],\"opens\":\"09:00\",\"closes\":\"17:00\"}]},{\"@type\":\"ImageObject\",\"inLanguage\":\"hu\",\"@id\":\"https:\/\/sprat.rs\/hu\/properties\/elado-egy-27-m%c2%b2-es-garzonlakas-szabadkan-a-prozivka-varosreszben\/#local-main-organization-logo\",\"url\":\"https:\/\/sprat.rs\/wp-content\/uploads\/2025\/12\/\u0411\u0435\u0437\u044b\u043c\u044f\u043d\u043d\u044b\u0439.png\",\"contentUrl\":\"https:\/\/sprat.rs\/wp-content\/uploads\/2025\/12\/\u0411\u0435\u0437\u044b\u043c\u044f\u043d\u043d\u044b\u0439.png\",\"width\":1014,\"height\":330,\"caption\":\"SPRAT DOO SUBOTICA\"}]}<\/script>\n<!-- \/ Yoast SEO Premium plugin. -->","yoast_head_json":{"title":"Elad\u00f3 egy 27 m\u00b2-es garzonlak\u00e1s Szabadk\u00e1n, a Prozivka v\u00e1rosr\u00e9szben. - SPRAT.rs","robots":{"index":"index","follow":"follow","max-snippet":"max-snippet:-1","max-image-preview":"max-image-preview:large","max-video-preview":"max-video-preview:-1"},"canonical":"https:\/\/sprat.rs\/hu\/properties\/elado-egy-27-m%c2%b2-es-garzonlakas-szabadkan-a-prozivka-varosreszben\/","og_locale":"hu_HU","og_type":"article","og_title":"Elad\u00f3 egy 27 m\u00b2-es garzonlak\u00e1s Szabadk\u00e1n, a Prozivka v\u00e1rosr\u00e9szben.","og_description":"\u00daj \u00e9p\u00edt\u00e9s\u0171, 27 m\u00b2-es lak\u00e1s, amely nappalib\u00f3l konyh\u00e1val, f\u00fcrd\u0151szob\u00e1b\u00f3l \u00e9s loggi\u00e1b\u00f3l \u00e1ll. A 6 emeletes \u00e9p\u00fclet 4. emelet\u00e9n tal\u00e1lhat\u00f3. Bo\u017eidara Ad\u017eije utca 10. A lak\u00e1sban g\u00e1z\u00fczem\u0171 padl\u00f3f\u0171t\u00e9s van, amely alacsony \u00fczemeltet\u00e9si k\u00f6lts\u00e9geket biztos\u00edt. Be\u00e9p\u00edt\u00e9sre ker\u00fcltek kiv\u00e1l\u00f3 min\u0151s\u00e9g\u0171, h\u00e1romr\u00e9teg\u0171, alacsony emisszi\u00f3j\u00fa \u00fcvegez\u00e9ssel ell\u00e1tott alum\u00ednium ablakok, valamint k\u00fcls\u0151 PVC red\u0151ny\u00f6k. A falak kiv\u00e1l\u00f3 h\u0151szigetel\u0151 tulajdons\u00e1gokkal rendelkez\u0151 termoblokkokb\u00f3l k\u00e9sz\u00fcltek, tov\u00e1bb\u00e1 a homlokzat plusz h\u0151szigetel\u00e9st kapott. A bels\u0151 ...","og_url":"https:\/\/sprat.rs\/hu\/properties\/elado-egy-27-m%c2%b2-es-garzonlakas-szabadkan-a-prozivka-varosreszben\/","og_site_name":"SPRAT.rs","article_publisher":"https:\/\/www.facebook.com\/serbiaproperty","article_modified_time":"2026-01-30T15:48:42+00:00","og_image":[{"width":1920,"height":2560,"url":"https:\/\/sprat.rs\/wp-content\/uploads\/2026\/01\/IMG_6112-1-scaled.jpeg","type":"image\/jpeg"}],"twitter_card":"summary_large_image","twitter_misc":{"Becs\u00fclt olvas\u00e1si id\u0151":"1 perc"},"schema":{"@context":"https:\/\/schema.org","@graph":[{"@type":"WebPage","@id":"https:\/\/sprat.rs\/hu\/properties\/elado-egy-27-m%c2%b2-es-garzonlakas-szabadkan-a-prozivka-varosreszben\/","url":"https:\/\/sprat.rs\/hu\/properties\/elado-egy-27-m%c2%b2-es-garzonlakas-szabadkan-a-prozivka-varosreszben\/","name":"Elad\u00f3 egy 27 m\u00b2-es garzonlak\u00e1s Szabadk\u00e1n, a Prozivka v\u00e1rosr\u00e9szben. - SPRAT.rs","isPartOf":{"@id":"https:\/\/sprat.rs\/hu\/#website"},"primaryImageOfPage":{"@id":"https:\/\/sprat.rs\/hu\/properties\/elado-egy-27-m%c2%b2-es-garzonlakas-szabadkan-a-prozivka-varosreszben\/#primaryimage"},"image":{"@id":"https:\/\/sprat.rs\/hu\/properties\/elado-egy-27-m%c2%b2-es-garzonlakas-szabadkan-a-prozivka-varosreszben\/#primaryimage"},"thumbnailUrl":"https:\/\/sprat.rs\/wp-content\/uploads\/2026\/01\/IMG_6112-1-scaled.jpeg","datePublished":"2026-01-27T00:07:33+00:00","dateModified":"2026-01-30T15:48:42+00:00","breadcrumb":{"@id":"https:\/\/sprat.rs\/hu\/properties\/elado-egy-27-m%c2%b2-es-garzonlakas-szabadkan-a-prozivka-varosreszben\/#breadcrumb"},"inLanguage":"hu","potentialAction":[{"@type":"ReadAction","target":["https:\/\/sprat.rs\/hu\/properties\/elado-egy-27-m%c2%b2-es-garzonlakas-szabadkan-a-prozivka-varosreszben\/"]}]},{"@type":"ImageObject","inLanguage":"hu","@id":"https:\/\/sprat.rs\/hu\/properties\/elado-egy-27-m%c2%b2-es-garzonlakas-szabadkan-a-prozivka-varosreszben\/#primaryimage","url":"https:\/\/sprat.rs\/wp-content\/uploads\/2026\/01\/IMG_6112-1-scaled.jpeg","contentUrl":"https:\/\/sprat.rs\/wp-content\/uploads\/2026\/01\/IMG_6112-1-scaled.jpeg","width":1920,"height":2560},{"@type":"BreadcrumbList","@id":"https:\/\/sprat.rs\/hu\/properties\/elado-egy-27-m%c2%b2-es-garzonlakas-szabadkan-a-prozivka-varosreszben\/#breadcrumb","itemListElement":[{"@type":"ListItem","position":1,"name":"Home","item":"https:\/\/sprat.rs\/hu\/otthon\/"},{"@type":"ListItem","position":2,"name":"Tulajdons\u00e1gok","item":"https:\/\/sprat.rs\/hu\/properties\/"},{"@type":"ListItem","position":3,"name":"Elad\u00f3 egy 27 m\u00b2-es garzonlak\u00e1s Szabadk\u00e1n, a Prozivka v\u00e1rosr\u00e9szben."}]},{"@type":"WebSite","@id":"https:\/\/sprat.rs\/hu\/#website","url":"https:\/\/sprat.rs\/hu\/","name":"SPRAT.rs","description":"\u041a\u0432\u0430\u0440\u0442\u0438\u0440\u044b \u0438 \u0434\u043e\u043c\u0430 \u0432 \u0421\u0443\u0431\u043e\u0442\u0438\u0446\u0435 \u2013 \u0430\u043a\u0442\u0443\u0430\u043b\u044c\u043d\u044b\u0435 \u043f\u0440\u0435\u0434\u043b\u043e\u0436\u0435\u043d\u0438\u044f \u043f\u043e \u043f\u0440\u043e\u0434\u0430\u0436\u0435 \u043d\u0435\u0434\u0432\u0438\u0436\u0438\u043c\u043e\u0441\u0442\u0438. \u041d\u0430 \u043d\u0430\u0448\u0435\u043c \u0441\u0430\u0439\u0442\u0435 \u0432\u044b \u043d\u0430\u0439\u0434\u0435\u0442\u0435 \u043a\u0432\u0430\u0440\u0442\u0438\u0440\u044b \u0438 \u0447\u0430\u0441\u0442\u043d\u044b\u0435 \u0434\u043e\u043c\u0430 \u0432 \u0421\u0443\u0431\u043e\u0442\u0438\u0446\u0435 \u0441 \u043f\u043e\u043b\u043d\u044b\u043c \u0441\u043e\u043f\u0440\u043e\u0432\u043e\u0436\u0434\u0435\u043d\u0438\u0435\u043c \u0441\u0434\u0435\u043b\u043a\u0438. \u041c\u044b \u043f\u0440\u0435\u0434\u043b\u0430\u0433\u0430\u0435\u043c \u043b\u0443\u0447\u0448\u0438\u0435 \u0432\u0430\u0440\u0438\u0430\u043d\u0442\u044b \u0434\u043b\u044f \u043f\u043e\u043a\u0443\u043f\u043a\u0438 \u043d\u0435\u0434\u0432\u0438\u0436\u0438\u043c\u043e\u0441\u0442\u0438 \u0432 \u0421\u0443\u0431\u043e\u0442\u0438\u0446\u0435: \u043d\u043e\u0432\u043e\u0441\u0442\u0440\u043e\u0439\u043a\u0438, \u0432\u0442\u043e\u0440\u0438\u0447\u043d\u044b\u0439 \u0440\u044b\u043d\u043e\u043a \u0438 \u043a\u043e\u043c\u043c\u0435\u0440\u0447\u0435\u0441\u043a\u0430\u044f \u043d\u0435\u0434\u0432\u0438\u0436\u0438\u043c\u043e\u0441\u0442\u044c. \u041f\u043e\u043c\u043e\u0433\u0430\u0435\u043c \u043e\u0444\u043e\u0440\u043c\u0438\u0442\u044c \u043f\u043e\u043a\u0443\u043f\u043a\u0443 \u0434\u043e\u043c\u0430 \u0438\u043b\u0438 \u043a\u0432\u0430\u0440\u0442\u0438\u0440\u044b \u0431\u044b\u0441\u0442\u0440\u043e \u0438 \u0431\u0435\u0437\u043e\u043f\u0430\u0441\u043d\u043e.","publisher":{"@id":"https:\/\/sprat.rs\/hu\/#organization"},"potentialAction":[{"@type":"SearchAction","target":{"@type":"EntryPoint","urlTemplate":"https:\/\/sprat.rs\/hu\/?s={search_term_string}"},"query-input":{"@type":"PropertyValueSpecification","valueRequired":true,"valueName":"search_term_string"}}],"inLanguage":"hu"},{"@type":["Organization","Place"],"@id":"https:\/\/sprat.rs\/hu\/#organization","name":"SPRAT DOO SUBOTICA","alternateName":"SPRAT","url":"https:\/\/sprat.rs\/hu\/","logo":{"@id":"https:\/\/sprat.rs\/hu\/properties\/elado-egy-27-m%c2%b2-es-garzonlakas-szabadkan-a-prozivka-varosreszben\/#local-main-organization-logo"},"image":{"@id":"https:\/\/sprat.rs\/hu\/properties\/elado-egy-27-m%c2%b2-es-garzonlakas-szabadkan-a-prozivka-varosreszben\/#local-main-organization-logo"},"sameAs":["https:\/\/www.facebook.com\/serbiaproperty","https:\/\/www.instagram.com\/sprat.rs\/","https:\/\/t.me\/realestatesubotica"],"telephone":[],"openingHoursSpecification":[{"@type":"OpeningHoursSpecification","dayOfWeek":["Monday","Tuesday","Wednesday","Thursday","Friday","Saturday","Sunday"],"opens":"09:00","closes":"17:00"}]},{"@type":"ImageObject","inLanguage":"hu","@id":"https:\/\/sprat.rs\/hu\/properties\/elado-egy-27-m%c2%b2-es-garzonlakas-szabadkan-a-prozivka-varosreszben\/#local-main-organization-logo","url":"https:\/\/sprat.rs\/wp-content\/uploads\/2025\/12\/\u0411\u0435\u0437\u044b\u043c\u044f\u043d\u043d\u044b\u0439.png","contentUrl":"https:\/\/sprat.rs\/wp-content\/uploads\/2025\/12\/\u0411\u0435\u0437\u044b\u043c\u044f\u043d\u043d\u044b\u0439.png","width":1014,"height":330,"caption":"SPRAT DOO SUBOTICA"}]}},"_links":{"self":[{"href":"https:\/\/sprat.rs\/hu\/wp-json\/wp\/v2\/estate_property\/55801","targetHints":{"allow":["GET"]}}],"collection":[{"href":"https:\/\/sprat.rs\/hu\/wp-json\/wp\/v2\/estate_property"}],"about":[{"href":"https:\/\/sprat.rs\/hu\/wp-json\/wp\/v2\/types\/estate_property"}],"replies":[{"embeddable":true,"href":"https:\/\/sprat.rs\/hu\/wp-json\/wp\/v2\/comments?post=55801"}],"wp:featuredmedia":[{"embeddable":true,"href":"https:\/\/sprat.rs\/hu\/wp-json\/wp\/v2\/media\/55741"}],"wp:attachment":[{"href":"https:\/\/sprat.rs\/hu\/wp-json\/wp\/v2\/media?parent=55801"}],"wp:term":[{"taxonomy":"property_category","embeddable":true,"href":"https:\/\/sprat.rs\/hu\/wp-json\/wp\/v2\/property_category?post=55801"},{"taxonomy":"property_action_category","embeddable":true,"href":"https:\/\/sprat.rs\/hu\/wp-json\/wp\/v2\/property_action_category?post=55801"},{"taxonomy":"property_city","embeddable":true,"href":"https:\/\/sprat.rs\/hu\/wp-json\/wp\/v2\/property_city?post=55801"},{"taxonomy":"property_area","embeddable":true,"href":"https:\/\/sprat.rs\/hu\/wp-json\/wp\/v2\/property_area?post=55801"},{"taxonomy":"property_county_state","embeddable":true,"href":"https:\/\/sprat.rs\/hu\/wp-json\/wp\/v2\/property_county_state?post=55801"},{"taxonomy":"property_features","embeddable":true,"href":"https:\/\/sprat.rs\/hu\/wp-json\/wp\/v2\/property_features?post=55801"},{"taxonomy":"property_status","embeddable":true,"href":"https:\/\/sprat.rs\/hu\/wp-json\/wp\/v2\/property_status?post=55801"}],"curies":[{"name":"wp","href":"https:\/\/api.w.org\/{rel}","templated":true}]}}